{"id":307,"date":"2022-03-21T14:08:17","date_gmt":"2022-03-21T14:08:17","guid":{"rendered":"https:\/\/www.azti.es\/enviroscore\/?page_id=307"},"modified":"2022-08-31T08:46:56","modified_gmt":"2022-08-31T08:46:56","slug":"indicadores-ambientales","status":"publish","type":"page","link":"https:\/\/www.azti.es\/enviroscore\/indicadores-ambientales\/","title":{"rendered":"Indicadores ambientales"},"content":{"rendered":"\t\t<div data-elementor-type=\"wp-page\" data-elementor-id=\"307\" class=\"elementor elementor-307\">\n\t\t\t\t\t\t<section class=\"elementor-section elementor-top-section elementor-element elementor-element-e4a8d3b elementor-section-stretched elementor-section-boxed elementor-section-height-default elementor-section-height-default\" data-id=\"e4a8d3b\" data-element_type=\"section\" data-e-type=\"section\" data-settings=\"{&quot;background_background&quot;:&quot;classic&quot;,&quot;stretch_section&quot;:&quot;section-stretched&quot;}\">\n\t\t\t\t\t\t\t<div class=\"elementor-background-overlay\"><\/div>\n\t\t\t\t\t\t\t<div class=\"elementor-container elementor-column-gap-default\">\n\t\t\t\t\t<div class=\"elementor-column elementor-col-100 elementor-top-column elementor-element elementor-element-4561c6c\" data-id=\"4561c6c\" data-element_type=\"column\" data-e-type=\"column\">\n\t\t\t<div class=\"elementor-widget-wrap elementor-element-populated\">\n\t\t\t\t\t\t<section class=\"elementor-section elementor-inner-section elementor-element elementor-element-707735a elementor-section-boxed elementor-section-height-default elementor-section-height-default\" data-id=\"707735a\" data-element_type=\"section\" data-e-type=\"section\">\n\t\t\t\t\t\t<div class=\"elementor-container elementor-column-gap-default\">\n\t\t\t\t\t<div class=\"elementor-column elementor-col-100 elementor-inner-column elementor-element elementor-element-2f775a3\" data-id=\"2f775a3\" data-element_type=\"column\" data-e-type=\"column\">\n\t\t\t<div class=\"elementor-widget-wrap elementor-element-populated\">\n\t\t\t\t\t\t<div class=\"elementor-element elementor-element-8ed76fa elementor-widget elementor-widget-heading\" data-id=\"8ed76fa\" data-element_type=\"widget\" data-e-type=\"widget\" data-widget_type=\"heading.default\">\n\t\t\t\t<div class=\"elementor-widget-container\">\n\t\t\t\t\t<h1 class=\"elementor-heading-title elementor-size-default\">Categor\u00edas de impacto ambiental<\/h1>\t\t\t\t<\/div>\n\t\t\t\t<\/div>\n\t\t\t\t\t<\/div>\n\t\t<\/div>\n\t\t\t\t\t<\/div>\n\t\t<\/section>\n\t\t\t\t\t<\/div>\n\t\t<\/div>\n\t\t\t\t\t<\/div>\n\t\t<\/section>\n\t\t\t\t<section class=\"elementor-section elementor-top-section elementor-element elementor-element-c501836 elementor-section-boxed elementor-section-height-default elementor-section-height-default\" data-id=\"c501836\" data-element_type=\"section\" data-e-type=\"section\" data-settings=\"{&quot;background_background&quot;:&quot;classic&quot;}\">\n\t\t\t\t\t\t<div class=\"elementor-container elementor-column-gap-default\">\n\t\t\t\t\t<div class=\"elementor-column elementor-col-100 elementor-top-column elementor-element elementor-element-dd8c0e3\" data-id=\"dd8c0e3\" data-element_type=\"column\" data-e-type=\"column\">\n\t\t\t<div class=\"elementor-widget-wrap elementor-element-populated\">\n\t\t\t\t\t\t<section class=\"elementor-section elementor-inner-section elementor-element elementor-element-341a1a5 elementor-section-content-middle elementor-section-boxed elementor-section-height-default elementor-section-height-default\" data-id=\"341a1a5\" data-element_type=\"section\" data-e-type=\"section\">\n\t\t\t\t\t\t<div class=\"elementor-container elementor-column-gap-default\">\n\t\t\t\t\t<div class=\"elementor-column elementor-col-100 elementor-inner-column elementor-element elementor-element-8da886c\" data-id=\"8da886c\" data-element_type=\"column\" data-e-type=\"column\">\n\t\t\t<div class=\"elementor-widget-wrap elementor-element-populated\">\n\t\t\t\t\t\t<div class=\"elementor-element elementor-element-05d1b77 elementor-widget elementor-widget-heading\" data-id=\"05d1b77\" data-element_type=\"widget\" data-e-type=\"widget\" data-widget_type=\"heading.default\">\n\t\t\t\t<div class=\"elementor-widget-container\">\n\t\t\t\t\t<h2 class=\"elementor-heading-title elementor-size-default\">Metodolog\u00eda del Sistema Internacional de Datos del Ciclo de Vida de Referencia (ILCD).<\/h2>\t\t\t\t<\/div>\n\t\t\t\t<\/div>\n\t\t\t\t<div class=\"elementor-element elementor-element-2f12b14 elementor-widget elementor-widget-text-editor\" data-id=\"2f12b14\" data-element_type=\"widget\" data-e-type=\"widget\" data-widget_type=\"text-editor.default\">\n\t\t\t\t<div class=\"elementor-widget-container\">\n\t\t\t\t\t\t\t\t\t<p>El impacto medioambiental se ha seleccionado siguiendo la metodolog\u00eda del Sistema Internacional de Datos del Ciclo de Vida de Referencia (ILCD). Este protocolo fue publicado por el Centro Com\u00fan de Investigaci\u00f3n de la Comisi\u00f3n Europea en 2012. Apoya el uso correcto de los factores de caracterizaci\u00f3n para la evaluaci\u00f3n del impacto, tal como se recomienda en el documento de orientaci\u00f3n del ILCD \u00abRecommendations for Life Cycle Impact Assessment in the European context &#8211; based on existing environmental impact assessment models and factors (EC-JRC, 2011)\u00bb.<\/p>\n<p>Existen <strong>16 categor\u00edas de impacto ambiental:<\/strong><\/p>\t\t\t\t\t\t\t\t<\/div>\n\t\t\t\t<\/div>\n\t\t\t\t<div class=\"elementor-element elementor-element-c69f434 elementor-widget elementor-widget-image\" data-id=\"c69f434\" data-element_type=\"widget\" data-e-type=\"widget\" data-widget_type=\"image.default\">\n\t\t\t\t<div class=\"elementor-widget-container\">\n\t\t\t\t\t\t\t\t\t\t\t\t\t\t\t<img fetchpriority=\"high\" decoding=\"async\" width=\"1024\" height=\"604\" src=\"https:\/\/www.azti.es\/enviroscore\/wp-content\/uploads\/2022\/08\/16_categorias-ambientales.jpg\" class=\"attachment-large size-large wp-image-796\" alt=\"16_categorias-ambientales\" srcset=\"https:\/\/www.azti.es\/enviroscore\/wp-content\/uploads\/2022\/08\/16_categorias-ambientales.jpg 1024w, https:\/\/www.azti.es\/enviroscore\/wp-content\/uploads\/2022\/08\/16_categorias-ambientales-300x177.jpg 300w, https:\/\/www.azti.es\/enviroscore\/wp-content\/uploads\/2022\/08\/16_categorias-ambientales-768x453.jpg 768w\" sizes=\"(max-width: 1024px) 100vw, 1024px\" \/>\t\t\t\t\t\t\t\t\t\t\t\t\t\t\t<\/div>\n\t\t\t\t<\/div>\n\t\t\t\t<div class=\"elementor-element elementor-element-cb7a5ad elementor-widget elementor-widget-toggle\" data-id=\"cb7a5ad\" data-element_type=\"widget\" data-e-type=\"widget\" data-widget_type=\"toggle.default\">\n\t\t\t\t<div class=\"elementor-widget-container\">\n\t\t\t\t\t\t\t<div class=\"elementor-toggle\">\n\t\t\t\t\t\t\t<div class=\"elementor-toggle-item\">\n\t\t\t\t\t<div id=\"elementor-tab-title-2131\" class=\"elementor-tab-title\" data-tab=\"1\" role=\"button\" aria-controls=\"elementor-tab-content-2131\" aria-expanded=\"false\">\n\t\t\t\t\t\t\t\t\t\t\t\t<span class=\"elementor-toggle-icon elementor-toggle-icon-left\" aria-hidden=\"true\">\n\t\t\t\t\t\t\t\t\t\t\t\t\t\t\t<span class=\"elementor-toggle-icon-closed\"><i class=\"fas fa-caret-right\"><\/i><\/span>\n\t\t\t\t\t\t\t\t<span class=\"elementor-toggle-icon-opened\"><i class=\"elementor-toggle-icon-opened fas fa-caret-up\"><\/i><\/span>\n\t\t\t\t\t\t\t\t\t\t\t\t\t<\/span>\n\t\t\t\t\t\t\t\t\t\t\t\t<a class=\"elementor-toggle-title\" tabindex=\"0\">CAMBIO CLIM\u00c1TICO<\/a>\n\t\t\t\t\t<\/div>\n\n\t\t\t\t\t<div id=\"elementor-tab-content-2131\" class=\"elementor-tab-content elementor-clearfix\" data-tab=\"1\" role=\"region\" aria-labelledby=\"elementor-tab-title-2131\"><p>Potencial de calentamiento global que calcula el forzamiento radiativo durante un per\u00edodo de tiempo de 100 a\u00f1os.\u00a0<\/p>\n<ul>\n<li>Unidad: kg CO2 eq<\/li>\n<li>Referencia: IPCC 2013<\/li>\n<\/ul><\/div>\n\t\t\t\t<\/div>\n\t\t\t\t\t\t\t<div class=\"elementor-toggle-item\">\n\t\t\t\t\t<div id=\"elementor-tab-title-2132\" class=\"elementor-tab-title\" data-tab=\"2\" role=\"button\" aria-controls=\"elementor-tab-content-2132\" aria-expanded=\"false\">\n\t\t\t\t\t\t\t\t\t\t\t\t<span class=\"elementor-toggle-icon elementor-toggle-icon-left\" aria-hidden=\"true\">\n\t\t\t\t\t\t\t\t\t\t\t\t\t\t\t<span class=\"elementor-toggle-icon-closed\"><i class=\"fas fa-caret-right\"><\/i><\/span>\n\t\t\t\t\t\t\t\t<span class=\"elementor-toggle-icon-opened\"><i class=\"elementor-toggle-icon-opened fas fa-caret-up\"><\/i><\/span>\n\t\t\t\t\t\t\t\t\t\t\t\t\t<\/span>\n\t\t\t\t\t\t\t\t\t\t\t\t<a class=\"elementor-toggle-title\" tabindex=\"0\">AGOTAMIENTO DE LA CAPA DE OZONO <\/a>\n\t\t\t\t\t<\/div>\n\n\t\t\t\t\t<div id=\"elementor-tab-content-2132\" class=\"elementor-tab-content elementor-clearfix\" data-tab=\"2\" role=\"region\" aria-labelledby=\"elementor-tab-title-2132\"><p>Potencial de agotamiento del ozono (PAO) que calcula los efectos destructivos sobre la capa de ozono estratosf\u00e9rico en un horizonte temporal de 100 a\u00f1os.\u00a0<\/p>\n<ul>\n<li>Unidad: kg CFC-11 eq<\/li>\n<li>Referencia: Organizaci\u00f3n Meteorol\u00f3gica Mundial (OMM) 1999.<\/li>\n<\/ul><\/div>\n\t\t\t\t<\/div>\n\t\t\t\t\t\t\t<div class=\"elementor-toggle-item\">\n\t\t\t\t\t<div id=\"elementor-tab-title-2133\" class=\"elementor-tab-title\" data-tab=\"3\" role=\"button\" aria-controls=\"elementor-tab-content-2133\" aria-expanded=\"false\">\n\t\t\t\t\t\t\t\t\t\t\t\t<span class=\"elementor-toggle-icon elementor-toggle-icon-left\" aria-hidden=\"true\">\n\t\t\t\t\t\t\t\t\t\t\t\t\t\t\t<span class=\"elementor-toggle-icon-closed\"><i class=\"fas fa-caret-right\"><\/i><\/span>\n\t\t\t\t\t\t\t\t<span class=\"elementor-toggle-icon-opened\"><i class=\"elementor-toggle-icon-opened fas fa-caret-up\"><\/i><\/span>\n\t\t\t\t\t\t\t\t\t\t\t\t\t<\/span>\n\t\t\t\t\t\t\t\t\t\t\t\t<a class=\"elementor-toggle-title\" tabindex=\"0\">RADIACI\u00d3N IONIZANTE HH (SALUD HUMANA)<\/a>\n\t\t\t\t\t<\/div>\n\n\t\t\t\t\t<div id=\"elementor-tab-content-2133\" class=\"elementor-tab-content elementor-clearfix\" data-tab=\"3\" role=\"region\" aria-labelledby=\"elementor-tab-title-2133\"><p>Cuantificaci\u00f3n del impacto de la radiaci\u00f3n ionizante en la poblaci\u00f3n, en comparaci\u00f3n con el Uranio 235.\u00a0<\/p>\n<ul>\n<li>Unidad: kBq U235 eq<\/li>\n<li>Referencia: Frischknecht et al. 2000.<\/li>\n<\/ul>\n<p>\u00a0<\/p><\/div>\n\t\t\t\t<\/div>\n\t\t\t\t\t\t\t<div class=\"elementor-toggle-item\">\n\t\t\t\t\t<div id=\"elementor-tab-title-2134\" class=\"elementor-tab-title\" data-tab=\"4\" role=\"button\" aria-controls=\"elementor-tab-content-2134\" aria-expanded=\"false\">\n\t\t\t\t\t\t\t\t\t\t\t\t<span class=\"elementor-toggle-icon elementor-toggle-icon-left\" aria-hidden=\"true\">\n\t\t\t\t\t\t\t\t\t\t\t\t\t\t\t<span class=\"elementor-toggle-icon-closed\"><i class=\"fas fa-caret-right\"><\/i><\/span>\n\t\t\t\t\t\t\t\t<span class=\"elementor-toggle-icon-opened\"><i class=\"elementor-toggle-icon-opened fas fa-caret-up\"><\/i><\/span>\n\t\t\t\t\t\t\t\t\t\t\t\t\t<\/span>\n\t\t\t\t\t\t\t\t\t\t\t\t<a class=\"elementor-toggle-title\" tabindex=\"0\">FORMACI\u00d3N FOTOQU\u00cdMICA DE OZONO<\/a>\n\t\t\t\t\t<\/div>\n\n\t\t\t\t\t<div id=\"elementor-tab-content-2134\" class=\"elementor-tab-content elementor-clearfix\" data-tab=\"4\" role=\"region\" aria-labelledby=\"elementor-tab-title-2134\"><p>Expresi\u00f3n de la contribuci\u00f3n potencial a la formaci\u00f3n fotoqu\u00edmica de ozono. S\u00f3lo para Europa. Incluye la diferenciaci\u00f3n espacial\u00a0<\/p>\n<ul>\n<li>Unidad: kg de COVNM eq<\/li>\n<li>Referencia: Van Zelm et al. 2008.<\/li>\n<\/ul><\/div>\n\t\t\t\t<\/div>\n\t\t\t\t\t\t\t<div class=\"elementor-toggle-item\">\n\t\t\t\t\t<div id=\"elementor-tab-title-2135\" class=\"elementor-tab-title\" data-tab=\"5\" role=\"button\" aria-controls=\"elementor-tab-content-2135\" aria-expanded=\"false\">\n\t\t\t\t\t\t\t\t\t\t\t\t<span class=\"elementor-toggle-icon elementor-toggle-icon-left\" aria-hidden=\"true\">\n\t\t\t\t\t\t\t\t\t\t\t\t\t\t\t<span class=\"elementor-toggle-icon-closed\"><i class=\"fas fa-caret-right\"><\/i><\/span>\n\t\t\t\t\t\t\t\t<span class=\"elementor-toggle-icon-opened\"><i class=\"elementor-toggle-icon-opened fas fa-caret-up\"><\/i><\/span>\n\t\t\t\t\t\t\t\t\t\t\t\t\t<\/span>\n\t\t\t\t\t\t\t\t\t\t\t\t<a class=\"elementor-toggle-title\" tabindex=\"0\">MATERIA PARTICULADA <\/a>\n\t\t\t\t\t<\/div>\n\n\t\t\t\t\t<div id=\"elementor-tab-content-2135\" class=\"elementor-tab-content elementor-clearfix\" data-tab=\"5\" role=\"region\" aria-labelledby=\"elementor-tab-title-2135\"><p>Cuantificaci\u00f3n del impacto en la salud humana con incidencia de enfermedades\u00a0<\/p>\n<ul>\n<li>Unidad: incidencia de enfermedades<\/li>\n<li>Referencia: Fantke et al. 2016<\/li>\n<\/ul><\/div>\n\t\t\t\t<\/div>\n\t\t\t\t\t\t\t<div class=\"elementor-toggle-item\">\n\t\t\t\t\t<div id=\"elementor-tab-title-2136\" class=\"elementor-tab-title\" data-tab=\"6\" role=\"button\" aria-controls=\"elementor-tab-content-2136\" aria-expanded=\"false\">\n\t\t\t\t\t\t\t\t\t\t\t\t<span class=\"elementor-toggle-icon elementor-toggle-icon-left\" aria-hidden=\"true\">\n\t\t\t\t\t\t\t\t\t\t\t\t\t\t\t<span class=\"elementor-toggle-icon-closed\"><i class=\"fas fa-caret-right\"><\/i><\/span>\n\t\t\t\t\t\t\t\t<span class=\"elementor-toggle-icon-opened\"><i class=\"elementor-toggle-icon-opened fas fa-caret-up\"><\/i><\/span>\n\t\t\t\t\t\t\t\t\t\t\t\t\t<\/span>\n\t\t\t\t\t\t\t\t\t\t\t\t<a class=\"elementor-toggle-title\" tabindex=\"0\">TOXICIDAD HUMANA, EFECTOS NO CARCINOG\u00c9NICOS<\/a>\n\t\t\t\t\t<\/div>\n\n\t\t\t\t\t<div id=\"elementor-tab-content-2136\" class=\"elementor-tab-content elementor-clearfix\" data-tab=\"6\" role=\"region\" aria-labelledby=\"elementor-tab-title-2136\"><p>Unidad t\u00f3xica comparativa para humanos (CTUh) que expresa el aumento estimado de la morbilidad en la poblaci\u00f3n humana total por unidad de masa de un producto qu\u00edmico emitido (casos por kilogramo).Los grupos espec\u00edficos de sustancias qu\u00edmicas requieren trabajos adicionales.<\/p>\n<ul>\n<li>Unidad: CTUh<\/li>\n<li>Referencia: Modelo USEtox, Rosenbaum et al. 2008<\/li>\n<\/ul><\/div>\n\t\t\t\t<\/div>\n\t\t\t\t\t\t\t<div class=\"elementor-toggle-item\">\n\t\t\t\t\t<div id=\"elementor-tab-title-2137\" class=\"elementor-tab-title\" data-tab=\"7\" role=\"button\" aria-controls=\"elementor-tab-content-2137\" aria-expanded=\"false\">\n\t\t\t\t\t\t\t\t\t\t\t\t<span class=\"elementor-toggle-icon elementor-toggle-icon-left\" aria-hidden=\"true\">\n\t\t\t\t\t\t\t\t\t\t\t\t\t\t\t<span class=\"elementor-toggle-icon-closed\"><i class=\"fas fa-caret-right\"><\/i><\/span>\n\t\t\t\t\t\t\t\t<span class=\"elementor-toggle-icon-opened\"><i class=\"elementor-toggle-icon-opened fas fa-caret-up\"><\/i><\/span>\n\t\t\t\t\t\t\t\t\t\t\t\t\t<\/span>\n\t\t\t\t\t\t\t\t\t\t\t\t<a class=\"elementor-toggle-title\" tabindex=\"0\">TOXICIDAD HUMANA, EFECTOS CARCINOG\u00c9NICOS<\/a>\n\t\t\t\t\t<\/div>\n\n\t\t\t\t\t<div id=\"elementor-tab-content-2137\" class=\"elementor-tab-content elementor-clearfix\" data-tab=\"7\" role=\"region\" aria-labelledby=\"elementor-tab-title-2137\"><p>Unidad t\u00f3xica comparativa para humanos (CTUh) que expresa el aumento estimado de la morbilidad en la poblaci\u00f3n humana por unidad de masa de un producto qu\u00edmico emitido (casos por kilogramo). Los grupos espec\u00edficos de sustancias qu\u00edmicas requieren trabajos adicionales. | Modelo USEtox (recomendado + provisional).<\/p>\n<ul>\n<li>Unidad: CTUh\u00a0<\/li>\n<li>Referencia: Modelo USEtox, Rosenbaum et al. 2008<\/li>\n<\/ul><\/div>\n\t\t\t\t<\/div>\n\t\t\t\t\t\t\t<div class=\"elementor-toggle-item\">\n\t\t\t\t\t<div id=\"elementor-tab-title-2138\" class=\"elementor-tab-title\" data-tab=\"8\" role=\"button\" aria-controls=\"elementor-tab-content-2138\" aria-expanded=\"false\">\n\t\t\t\t\t\t\t\t\t\t\t\t<span class=\"elementor-toggle-icon elementor-toggle-icon-left\" aria-hidden=\"true\">\n\t\t\t\t\t\t\t\t\t\t\t\t\t\t\t<span class=\"elementor-toggle-icon-closed\"><i class=\"fas fa-caret-right\"><\/i><\/span>\n\t\t\t\t\t\t\t\t<span class=\"elementor-toggle-icon-opened\"><i class=\"elementor-toggle-icon-opened fas fa-caret-up\"><\/i><\/span>\n\t\t\t\t\t\t\t\t\t\t\t\t\t<\/span>\n\t\t\t\t\t\t\t\t\t\t\t\t<a class=\"elementor-toggle-title\" tabindex=\"0\">ACIDIFICACI\u00d3N<\/a>\n\t\t\t\t\t<\/div>\n\n\t\t\t\t\t<div id=\"elementor-tab-content-2138\" class=\"elementor-tab-content elementor-clearfix\" data-tab=\"8\" role=\"region\" aria-labelledby=\"elementor-tab-title-2138\"><p>Exceso Acumulado que caracteriza el cambio en la superaci\u00f3n de carga cr\u00edtica del \u00e1rea sensible en los principales ecosistemas terrestres y de agua dulce, en los que se depositan sustancias acidificantes. Dependiente del pa\u00eds europeo.<\/p>\n<ul>\n<li>Unidad: molc H+ eq<\/li>\n<li>Referencia: Sepp\u00e4l\u00e4 et al. 2006 y Posch et al. 2008<\/li>\n<\/ul><\/div>\n\t\t\t\t<\/div>\n\t\t\t\t\t\t\t<div class=\"elementor-toggle-item\">\n\t\t\t\t\t<div id=\"elementor-tab-title-2139\" class=\"elementor-tab-title\" data-tab=\"9\" role=\"button\" aria-controls=\"elementor-tab-content-2139\" aria-expanded=\"false\">\n\t\t\t\t\t\t\t\t\t\t\t\t<span class=\"elementor-toggle-icon elementor-toggle-icon-left\" aria-hidden=\"true\">\n\t\t\t\t\t\t\t\t\t\t\t\t\t\t\t<span class=\"elementor-toggle-icon-closed\"><i class=\"fas fa-caret-right\"><\/i><\/span>\n\t\t\t\t\t\t\t\t<span class=\"elementor-toggle-icon-opened\"><i class=\"elementor-toggle-icon-opened fas fa-caret-up\"><\/i><\/span>\n\t\t\t\t\t\t\t\t\t\t\t\t\t<\/span>\n\t\t\t\t\t\t\t\t\t\t\t\t<a class=\"elementor-toggle-title\" tabindex=\"0\">EUTROFIZACI\u00d3N DEL AGUA DULCE<\/a>\n\t\t\t\t\t<\/div>\n\n\t\t\t\t\t<div id=\"elementor-tab-content-2139\" class=\"elementor-tab-content elementor-clearfix\" data-tab=\"9\" role=\"region\" aria-labelledby=\"elementor-tab-title-2139\"><p>Expresi\u00f3n del grado en que los nutrientes emitidos alcanzan el compartimiento final de agua dulce (f\u00f3sforo considerado como factor limitante en el agua dulce). Validez europea. Factores de caracterizaci\u00f3n promediados de factores de caracterizaci\u00f3n dependientes del pa\u00eds.<\/p>\n<ul>\n<li>Unidad: kg P eq<\/li>\n<li>Referencia: ReCiPe versi\u00f3n 1.05<\/li>\n<\/ul><\/div>\n\t\t\t\t<\/div>\n\t\t\t\t\t\t\t<div class=\"elementor-toggle-item\">\n\t\t\t\t\t<div id=\"elementor-tab-title-21310\" class=\"elementor-tab-title\" data-tab=\"10\" role=\"button\" aria-controls=\"elementor-tab-content-21310\" aria-expanded=\"false\">\n\t\t\t\t\t\t\t\t\t\t\t\t<span class=\"elementor-toggle-icon elementor-toggle-icon-left\" aria-hidden=\"true\">\n\t\t\t\t\t\t\t\t\t\t\t\t\t\t\t<span class=\"elementor-toggle-icon-closed\"><i class=\"fas fa-caret-right\"><\/i><\/span>\n\t\t\t\t\t\t\t\t<span class=\"elementor-toggle-icon-opened\"><i class=\"elementor-toggle-icon-opened fas fa-caret-up\"><\/i><\/span>\n\t\t\t\t\t\t\t\t\t\t\t\t\t<\/span>\n\t\t\t\t\t\t\t\t\t\t\t\t<a class=\"elementor-toggle-title\" tabindex=\"0\">EUTROFIZACI\u00d3N MARINA<\/a>\n\t\t\t\t\t<\/div>\n\n\t\t\t\t\t<div id=\"elementor-tab-content-21310\" class=\"elementor-tab-content elementor-clearfix\" data-tab=\"10\" role=\"region\" aria-labelledby=\"elementor-tab-title-21310\"><p>Expresi\u00f3n del grado en que los nutrientes emitidos alcanzan el compartimiento final marino (nitr\u00f3geno considerado como factor limitante en el agua marina). Validez europea Factores de caracterizaci\u00f3n promediados de factores de caracterizaci\u00f3n dependientes del pa\u00eds.<\/p>\n<ul>\n<li>Unidad: kg N eq<\/li>\n<li>Referencia: ReCiPe versi\u00f3n 1.05<\/li>\n<\/ul><\/div>\n\t\t\t\t<\/div>\n\t\t\t\t\t\t\t<div class=\"elementor-toggle-item\">\n\t\t\t\t\t<div id=\"elementor-tab-title-21311\" class=\"elementor-tab-title\" data-tab=\"11\" role=\"button\" aria-controls=\"elementor-tab-content-21311\" aria-expanded=\"false\">\n\t\t\t\t\t\t\t\t\t\t\t\t<span class=\"elementor-toggle-icon elementor-toggle-icon-left\" aria-hidden=\"true\">\n\t\t\t\t\t\t\t\t\t\t\t\t\t\t\t<span class=\"elementor-toggle-icon-closed\"><i class=\"fas fa-caret-right\"><\/i><\/span>\n\t\t\t\t\t\t\t\t<span class=\"elementor-toggle-icon-opened\"><i class=\"elementor-toggle-icon-opened fas fa-caret-up\"><\/i><\/span>\n\t\t\t\t\t\t\t\t\t\t\t\t\t<\/span>\n\t\t\t\t\t\t\t\t\t\t\t\t<a class=\"elementor-toggle-title\" tabindex=\"0\">EUTROFIZACI\u00d3N TERRESTRE<\/a>\n\t\t\t\t\t<\/div>\n\n\t\t\t\t\t<div id=\"elementor-tab-content-21311\" class=\"elementor-tab-content elementor-clearfix\" data-tab=\"11\" role=\"region\" aria-labelledby=\"elementor-tab-title-21311\"><p>Expresi\u00f3n del grado en que los nutrientes emitidos llegan al compartimento final del ecosistema (nitr\u00f3geno y f\u00f3sforo considerados como factores limitantes en el ecosistema terrestre). Depende del pa\u00eds europeo. | Sepp\u00e4l\u00e4 et al. 2006 y Posch et al. 2008.<\/p>\n<ul>\n<li>Unidad: mol N eq<\/li>\n<li>Referencia: Sepp\u00e4l\u00e4 et al. 2006 y Posch et al. 2008<\/li>\n<\/ul><\/div>\n\t\t\t\t<\/div>\n\t\t\t\t\t\t\t<div class=\"elementor-toggle-item\">\n\t\t\t\t\t<div id=\"elementor-tab-title-21312\" class=\"elementor-tab-title\" data-tab=\"12\" role=\"button\" aria-controls=\"elementor-tab-content-21312\" aria-expanded=\"false\">\n\t\t\t\t\t\t\t\t\t\t\t\t<span class=\"elementor-toggle-icon elementor-toggle-icon-left\" aria-hidden=\"true\">\n\t\t\t\t\t\t\t\t\t\t\t\t\t\t\t<span class=\"elementor-toggle-icon-closed\"><i class=\"fas fa-caret-right\"><\/i><\/span>\n\t\t\t\t\t\t\t\t<span class=\"elementor-toggle-icon-opened\"><i class=\"elementor-toggle-icon-opened fas fa-caret-up\"><\/i><\/span>\n\t\t\t\t\t\t\t\t\t\t\t\t\t<\/span>\n\t\t\t\t\t\t\t\t\t\t\t\t<a class=\"elementor-toggle-title\" tabindex=\"0\">ECOTOXICIDAD EN AGUA DULCE<\/a>\n\t\t\t\t\t<\/div>\n\n\t\t\t\t\t<div id=\"elementor-tab-content-21312\" class=\"elementor-tab-content elementor-clearfix\" data-tab=\"12\" role=\"region\" aria-labelledby=\"elementor-tab-title-21312\"><p>Unidad t\u00f3xica comparativa para los ecosistemas (CTUe) que expresa una estimaci\u00f3n de la fracci\u00f3n de especies potencialmente afectadas (PAF) integrada en el tiempo y el volumen por unidad de masa de una sustancia qu\u00edmica emitida (PAF m3 a\u00f1o\/kg). Algunos grupos espec\u00edficos de productos qu\u00edmicos requieren trabajos adicionales. | Modelo USEtox (recomendado + provisional).\u00a0<\/p>\n<ul>\n<li>Unidad: CTUe<\/li>\n<li>Referencia: Modelo USEtox, Rosenbaum et al. 2008<\/li>\n<\/ul><\/div>\n\t\t\t\t<\/div>\n\t\t\t\t\t\t\t<div class=\"elementor-toggle-item\">\n\t\t\t\t\t<div id=\"elementor-tab-title-21313\" class=\"elementor-tab-title\" data-tab=\"13\" role=\"button\" aria-controls=\"elementor-tab-content-21313\" aria-expanded=\"false\">\n\t\t\t\t\t\t\t\t\t\t\t\t<span class=\"elementor-toggle-icon elementor-toggle-icon-left\" aria-hidden=\"true\">\n\t\t\t\t\t\t\t\t\t\t\t\t\t\t\t<span class=\"elementor-toggle-icon-closed\"><i class=\"fas fa-caret-right\"><\/i><\/span>\n\t\t\t\t\t\t\t\t<span class=\"elementor-toggle-icon-opened\"><i class=\"elementor-toggle-icon-opened fas fa-caret-up\"><\/i><\/span>\n\t\t\t\t\t\t\t\t\t\t\t\t\t<\/span>\n\t\t\t\t\t\t\t\t\t\t\t\t<a class=\"elementor-toggle-title\" tabindex=\"0\">USO DEL SUELO<\/a>\n\t\t\t\t\t<\/div>\n\n\t\t\t\t\t<div id=\"elementor-tab-content-21313\" class=\"elementor-tab-content elementor-clearfix\" data-tab=\"13\" role=\"region\" aria-labelledby=\"elementor-tab-title-21313\"><p>\u00cdndice de calidad del suelo que eval\u00faa los impactos de las actividades de uso de la tierra en cinco propiedades del suelo.<\/p>\n<ul>\n<li>Unidad: Pt (sin dimensiones)<\/li>\n<li>Referencia: \u00cdndice de calidad del suelo basado en LANCA (EC-JRC), Beck et al. 2010 y Bos et al. 2016<\/li>\n<\/ul><\/div>\n\t\t\t\t<\/div>\n\t\t\t\t\t\t\t<div class=\"elementor-toggle-item\">\n\t\t\t\t\t<div id=\"elementor-tab-title-21314\" class=\"elementor-tab-title\" data-tab=\"14\" role=\"button\" aria-controls=\"elementor-tab-content-21314\" aria-expanded=\"false\">\n\t\t\t\t\t\t\t\t\t\t\t\t<span class=\"elementor-toggle-icon elementor-toggle-icon-left\" aria-hidden=\"true\">\n\t\t\t\t\t\t\t\t\t\t\t\t\t\t\t<span class=\"elementor-toggle-icon-closed\"><i class=\"fas fa-caret-right\"><\/i><\/span>\n\t\t\t\t\t\t\t\t<span class=\"elementor-toggle-icon-opened\"><i class=\"elementor-toggle-icon-opened fas fa-caret-up\"><\/i><\/span>\n\t\t\t\t\t\t\t\t\t\t\t\t\t<\/span>\n\t\t\t\t\t\t\t\t\t\t\t\t<a class=\"elementor-toggle-title\" tabindex=\"0\">USO DEL AGUA<\/a>\n\t\t\t\t\t<\/div>\n\n\t\t\t\t\t<div id=\"elementor-tab-content-21314\" class=\"elementor-tab-content elementor-clearfix\" data-tab=\"14\" role=\"region\" aria-labelledby=\"elementor-tab-title-21314\"><p>Potencial de privaci\u00f3n del usuario (consumo de agua ponderado por la privaci\u00f3n) Agua disponible relativa restante (AWARE) por zona en una cuenca hidrogr\u00e1fica, una vez satisfecha la demanda de los seres humanos y los ecosistemas acu\u00e1ticos. Los CF se recomiendan para la caracterizaci\u00f3n del consumo de agua azul \u00fanicamente, donde el consumo se define como la diferencia entre la extracci\u00f3n y la liberaci\u00f3n de agua azul. Por lo tanto, el agua verde, el agua f\u00f3sil, el agua de mar y el agua de lluvia no deben caracterizarse con este conjunto de CF. No se incluyen las siguientes caracter\u00edsticas de AWARE100: distinci\u00f3n agr\u00edcola\/no agr\u00edcola a nivel de pa\u00eds, especificaci\u00f3n temporal (mensual), factores de caracterizaci\u00f3n a nivel de cuenca.<\/p><ul><li>Unidad: m3 privados<\/li><li>Referencia: Boulay et al. 2016<\/li><\/ul><\/div>\n\t\t\t\t<\/div>\n\t\t\t\t\t\t\t<div class=\"elementor-toggle-item\">\n\t\t\t\t\t<div id=\"elementor-tab-title-21315\" class=\"elementor-tab-title\" data-tab=\"15\" role=\"button\" aria-controls=\"elementor-tab-content-21315\" aria-expanded=\"false\">\n\t\t\t\t\t\t\t\t\t\t\t\t<span class=\"elementor-toggle-icon elementor-toggle-icon-left\" aria-hidden=\"true\">\n\t\t\t\t\t\t\t\t\t\t\t\t\t\t\t<span class=\"elementor-toggle-icon-closed\"><i class=\"fas fa-caret-right\"><\/i><\/span>\n\t\t\t\t\t\t\t\t<span class=\"elementor-toggle-icon-opened\"><i class=\"elementor-toggle-icon-opened fas fa-caret-up\"><\/i><\/span>\n\t\t\t\t\t\t\t\t\t\t\t\t\t<\/span>\n\t\t\t\t\t\t\t\t\t\t\t\t<a class=\"elementor-toggle-title\" tabindex=\"0\">USO DE RECURSOS, F\u00d3SILES<\/a>\n\t\t\t\t\t<\/div>\n\n\t\t\t\t\t<div id=\"elementor-tab-content-21315\" class=\"elementor-tab-content elementor-clearfix\" data-tab=\"15\" role=\"region\" aria-labelledby=\"elementor-tab-title-21315\"><p>Agotamiento de recursos abi\u00f3ticos, combustibles f\u00f3siles (ADP-f\u00f3sil); basado en el ADP de menor valor calor\u00edfico para los portadores de energ\u00eda, basado en van Oers et al. 2002 tal como se implement\u00f3 en CML, v. 4.8 (2016). Modelo de agotamiento basado en la relaci\u00f3n uso-disponibilidad. Se supone la plena sustituci\u00f3n entre los vectores energ\u00e9ticos f\u00f3siles.<\/p>\n<ul>\n<li>Unidad: kg Sb eq<\/li>\n<li>Referencia: CML 2002, Guin\u00e9e et al. 2002 y Van Oers et al. 2002<\/li>\n<\/ul><\/div>\n\t\t\t\t<\/div>\n\t\t\t\t\t\t\t<div class=\"elementor-toggle-item\">\n\t\t\t\t\t<div id=\"elementor-tab-title-21316\" class=\"elementor-tab-title\" data-tab=\"16\" role=\"button\" aria-controls=\"elementor-tab-content-21316\" aria-expanded=\"false\">\n\t\t\t\t\t\t\t\t\t\t\t\t<span class=\"elementor-toggle-icon elementor-toggle-icon-left\" aria-hidden=\"true\">\n\t\t\t\t\t\t\t\t\t\t\t\t\t\t\t<span class=\"elementor-toggle-icon-closed\"><i class=\"fas fa-caret-right\"><\/i><\/span>\n\t\t\t\t\t\t\t\t<span class=\"elementor-toggle-icon-opened\"><i class=\"elementor-toggle-icon-opened fas fa-caret-up\"><\/i><\/span>\n\t\t\t\t\t\t\t\t\t\t\t\t\t<\/span>\n\t\t\t\t\t\t\t\t\t\t\t\t<a class=\"elementor-toggle-title\" tabindex=\"0\">USO DE RECURSOS, MINERALES Y METALES<\/a>\n\t\t\t\t\t<\/div>\n\n\t\t\t\t\t<div id=\"elementor-tab-content-21316\" class=\"elementor-tab-content elementor-clearfix\" data-tab=\"16\" role=\"region\" aria-labelledby=\"elementor-tab-title-21316\"><p>Agotamiento de los recursos abi\u00f3ticos (reserva final ADP) para los recursos minerales y met\u00e1licos, basado en van Oers et al. 2002 tal como se implementa en CML, v. 4.8 (2016). Modelo de agotamiento basado en la relaci\u00f3n uso-disponibilidad.\u00a0<\/p>\n<ul>\n<li>Unidad: MJ<\/li>\n<li>Referencia: CML 2002, Guin\u00e9e et al. 2002 y Van Oers et al. 2002<\/li>\n<\/ul><\/div>\n\t\t\t\t<\/div>\n\t\t\t\t\t\t\t\t<\/div>\n\t\t\t\t\t\t<\/div>\n\t\t\t\t<\/div>\n\t\t\t\t\t<\/div>\n\t\t<\/div>\n\t\t\t\t\t<\/div>\n\t\t<\/section>\n\t\t\t\t\t<\/div>\n\t\t<\/div>\n\t\t\t\t\t<\/div>\n\t\t<\/section>\n\t\t\t\t<\/div>\n\t\t","protected":false},"excerpt":{"rendered":"<p>Categor\u00edas de impacto ambiental Metodolog\u00eda del Sistema Internacional de Datos del Ciclo de Vida de Referencia (ILCD). El impacto medioambiental se ha seleccionado siguiendo la metodolog\u00eda del Sistema Internacional de Datos del Ciclo de Vida de Referencia (ILCD). Este protocolo fue publicado por el Centro Com\u00fan de Investigaci\u00f3n de la Comisi\u00f3n Europea en 2012. Apoya&hellip;&nbsp;<a href=\"https:\/\/www.azti.es\/enviroscore\/indicadores-ambientales\/\" rel=\"bookmark\">Leer m\u00e1s &raquo;<span class=\"screen-reader-text\">Indicadores ambientales<\/span><\/a><\/p>\n","protected":false},"author":2,"featured_media":0,"parent":0,"menu_order":0,"comment_status":"closed","ping_status":"closed","template":"","meta":{"neve_meta_sidebar":"","neve_meta_container":"","neve_meta_enable_content_width":"","neve_meta_content_width":0,"neve_meta_title_alignment":"","neve_meta_author_avatar":"","neve_post_elements_order":"","neve_meta_disable_header":"","neve_meta_disable_footer":"","neve_meta_disable_title":"on","neve_meta_reading_time":"","_themeisle_gutenberg_block_has_review":false,"_ti_tpc_template_sync":false,"_ti_tpc_template_id":"","footnotes":""},"class_list":["post-307","page","type-page","status-publish","hentry"],"yoast_head":"<!-- This site is optimized with the Yoast SEO plugin v27.4 - https:\/\/yoast.com\/product\/yoast-seo-wordpress\/ -->\n<title>Indicadores ambientales - Enviroscore<\/title>\n<meta name=\"description\" content=\"El impacto medioambiental se ha seleccionado siguiendo la metodolog\u00eda del Sistema Internacional de Datos del Ciclo de Vida de Referencia.\" \/>\n<meta name=\"robots\" content=\"index, follow, max-snippet:-1, max-image-preview:large, max-video-preview:-1\" \/>\n<link rel=\"canonical\" href=\"https:\/\/www.azti.es\/enviroscore\/indicadores-ambientales\/\" \/>\n<meta property=\"og:locale\" content=\"es_ES\" \/>\n<meta property=\"og:type\" content=\"article\" \/>\n<meta property=\"og:title\" content=\"Indicadores ambientales - Enviroscore\" \/>\n<meta property=\"og:description\" content=\"El impacto medioambiental se ha seleccionado siguiendo la metodolog\u00eda del Sistema Internacional de Datos del Ciclo de Vida de Referencia.\" \/>\n<meta property=\"og:url\" content=\"https:\/\/www.azti.es\/enviroscore\/indicadores-ambientales\/\" \/>\n<meta property=\"og:site_name\" content=\"Enviroscore\" \/>\n<meta property=\"article:modified_time\" content=\"2022-08-31T08:46:56+00:00\" \/>\n<meta property=\"og:image\" content=\"https:\/\/www.azti.es\/enviroscore\/wp-content\/uploads\/2022\/08\/16_categorias-ambientales.jpg\" \/>\n<meta name=\"twitter:card\" content=\"summary_large_image\" \/>\n<meta name=\"twitter:label1\" content=\"Tiempo de lectura\" \/>\n\t<meta name=\"twitter:data1\" content=\"5 minutos\" \/>\n<script type=\"application\/ld+json\" class=\"yoast-schema-graph\">{\"@context\":\"https:\\\/\\\/schema.org\",\"@graph\":[{\"@type\":\"WebPage\",\"@id\":\"https:\\\/\\\/www.azti.es\\\/enviroscore\\\/indicadores-ambientales\\\/\",\"url\":\"https:\\\/\\\/www.azti.es\\\/enviroscore\\\/indicadores-ambientales\\\/\",\"name\":\"Indicadores ambientales - Enviroscore\",\"isPartOf\":{\"@id\":\"https:\\\/\\\/www.azti.es\\\/enviroscore\\\/#website\"},\"primaryImageOfPage\":{\"@id\":\"https:\\\/\\\/www.azti.es\\\/enviroscore\\\/indicadores-ambientales\\\/#primaryimage\"},\"image\":{\"@id\":\"https:\\\/\\\/www.azti.es\\\/enviroscore\\\/indicadores-ambientales\\\/#primaryimage\"},\"thumbnailUrl\":\"https:\\\/\\\/www.azti.es\\\/enviroscore\\\/wp-content\\\/uploads\\\/2022\\\/08\\\/16_categorias-ambientales.jpg\",\"datePublished\":\"2022-03-21T14:08:17+00:00\",\"dateModified\":\"2022-08-31T08:46:56+00:00\",\"description\":\"El impacto medioambiental se ha seleccionado siguiendo la metodolog\u00eda del Sistema Internacional de Datos del Ciclo de Vida de Referencia.\",\"breadcrumb\":{\"@id\":\"https:\\\/\\\/www.azti.es\\\/enviroscore\\\/indicadores-ambientales\\\/#breadcrumb\"},\"inLanguage\":\"es\",\"potentialAction\":[{\"@type\":\"ReadAction\",\"target\":[\"https:\\\/\\\/www.azti.es\\\/enviroscore\\\/indicadores-ambientales\\\/\"]}]},{\"@type\":\"ImageObject\",\"inLanguage\":\"es\",\"@id\":\"https:\\\/\\\/www.azti.es\\\/enviroscore\\\/indicadores-ambientales\\\/#primaryimage\",\"url\":\"https:\\\/\\\/www.azti.es\\\/enviroscore\\\/wp-content\\\/uploads\\\/2022\\\/08\\\/16_categorias-ambientales.jpg\",\"contentUrl\":\"https:\\\/\\\/www.azti.es\\\/enviroscore\\\/wp-content\\\/uploads\\\/2022\\\/08\\\/16_categorias-ambientales.jpg\",\"width\":1024,\"height\":604,\"caption\":\"16_categorias-ambientales\"},{\"@type\":\"BreadcrumbList\",\"@id\":\"https:\\\/\\\/www.azti.es\\\/enviroscore\\\/indicadores-ambientales\\\/#breadcrumb\",\"itemListElement\":[{\"@type\":\"ListItem\",\"position\":1,\"name\":\"Portada\",\"item\":\"https:\\\/\\\/www.azti.es\\\/enviroscore\\\/\"},{\"@type\":\"ListItem\",\"position\":2,\"name\":\"Indicadores ambientales\"}]},{\"@type\":\"WebSite\",\"@id\":\"https:\\\/\\\/www.azti.es\\\/enviroscore\\\/#website\",\"url\":\"https:\\\/\\\/www.azti.es\\\/enviroscore\\\/\",\"name\":\"Enviroscore\",\"description\":\"Sistema integrado de etiquetado ambiental de alimentos y bebidas\",\"publisher\":{\"@id\":\"https:\\\/\\\/www.azti.es\\\/enviroscore\\\/#organization\"},\"potentialAction\":[{\"@type\":\"SearchAction\",\"target\":{\"@type\":\"EntryPoint\",\"urlTemplate\":\"https:\\\/\\\/www.azti.es\\\/enviroscore\\\/?s={search_term_string}\"},\"query-input\":{\"@type\":\"PropertyValueSpecification\",\"valueRequired\":true,\"valueName\":\"search_term_string\"}}],\"inLanguage\":\"es\"},{\"@type\":\"Organization\",\"@id\":\"https:\\\/\\\/www.azti.es\\\/enviroscore\\\/#organization\",\"name\":\"Enviroscore\",\"url\":\"https:\\\/\\\/www.azti.es\\\/enviroscore\\\/\",\"logo\":{\"@type\":\"ImageObject\",\"inLanguage\":\"es\",\"@id\":\"https:\\\/\\\/www.azti.es\\\/enviroscore\\\/#\\\/schema\\\/logo\\\/image\\\/\",\"url\":\"https:\\\/\\\/www.azti.es\\\/enviroscore\\\/wp-content\\\/uploads\\\/2022\\\/03\\\/Logo_enviroscore_web.jpg\",\"contentUrl\":\"https:\\\/\\\/www.azti.es\\\/enviroscore\\\/wp-content\\\/uploads\\\/2022\\\/03\\\/Logo_enviroscore_web.jpg\",\"width\":350,\"height\":246,\"caption\":\"Enviroscore\"},\"image\":{\"@id\":\"https:\\\/\\\/www.azti.es\\\/enviroscore\\\/#\\\/schema\\\/logo\\\/image\\\/\"}}]}<\/script>\n<!-- \/ Yoast SEO plugin. -->","yoast_head_json":{"title":"Indicadores ambientales - Enviroscore","description":"El impacto medioambiental se ha seleccionado siguiendo la metodolog\u00eda del Sistema Internacional de Datos del Ciclo de Vida de Referencia.","robots":{"index":"index","follow":"follow","max-snippet":"max-snippet:-1","max-image-preview":"max-image-preview:large","max-video-preview":"max-video-preview:-1"},"canonical":"https:\/\/www.azti.es\/enviroscore\/indicadores-ambientales\/","og_locale":"es_ES","og_type":"article","og_title":"Indicadores ambientales - Enviroscore","og_description":"El impacto medioambiental se ha seleccionado siguiendo la metodolog\u00eda del Sistema Internacional de Datos del Ciclo de Vida de Referencia.","og_url":"https:\/\/www.azti.es\/enviroscore\/indicadores-ambientales\/","og_site_name":"Enviroscore","article_modified_time":"2022-08-31T08:46:56+00:00","og_image":[{"url":"https:\/\/www.azti.es\/enviroscore\/wp-content\/uploads\/2022\/08\/16_categorias-ambientales.jpg","type":"","width":"","height":""}],"twitter_card":"summary_large_image","twitter_misc":{"Tiempo de lectura":"5 minutos"},"schema":{"@context":"https:\/\/schema.org","@graph":[{"@type":"WebPage","@id":"https:\/\/www.azti.es\/enviroscore\/indicadores-ambientales\/","url":"https:\/\/www.azti.es\/enviroscore\/indicadores-ambientales\/","name":"Indicadores ambientales - Enviroscore","isPartOf":{"@id":"https:\/\/www.azti.es\/enviroscore\/#website"},"primaryImageOfPage":{"@id":"https:\/\/www.azti.es\/enviroscore\/indicadores-ambientales\/#primaryimage"},"image":{"@id":"https:\/\/www.azti.es\/enviroscore\/indicadores-ambientales\/#primaryimage"},"thumbnailUrl":"https:\/\/www.azti.es\/enviroscore\/wp-content\/uploads\/2022\/08\/16_categorias-ambientales.jpg","datePublished":"2022-03-21T14:08:17+00:00","dateModified":"2022-08-31T08:46:56+00:00","description":"El impacto medioambiental se ha seleccionado siguiendo la metodolog\u00eda del Sistema Internacional de Datos del Ciclo de Vida de Referencia.","breadcrumb":{"@id":"https:\/\/www.azti.es\/enviroscore\/indicadores-ambientales\/#breadcrumb"},"inLanguage":"es","potentialAction":[{"@type":"ReadAction","target":["https:\/\/www.azti.es\/enviroscore\/indicadores-ambientales\/"]}]},{"@type":"ImageObject","inLanguage":"es","@id":"https:\/\/www.azti.es\/enviroscore\/indicadores-ambientales\/#primaryimage","url":"https:\/\/www.azti.es\/enviroscore\/wp-content\/uploads\/2022\/08\/16_categorias-ambientales.jpg","contentUrl":"https:\/\/www.azti.es\/enviroscore\/wp-content\/uploads\/2022\/08\/16_categorias-ambientales.jpg","width":1024,"height":604,"caption":"16_categorias-ambientales"},{"@type":"BreadcrumbList","@id":"https:\/\/www.azti.es\/enviroscore\/indicadores-ambientales\/#breadcrumb","itemListElement":[{"@type":"ListItem","position":1,"name":"Portada","item":"https:\/\/www.azti.es\/enviroscore\/"},{"@type":"ListItem","position":2,"name":"Indicadores ambientales"}]},{"@type":"WebSite","@id":"https:\/\/www.azti.es\/enviroscore\/#website","url":"https:\/\/www.azti.es\/enviroscore\/","name":"Enviroscore","description":"Sistema integrado de etiquetado ambiental de alimentos y bebidas","publisher":{"@id":"https:\/\/www.azti.es\/enviroscore\/#organization"},"potentialAction":[{"@type":"SearchAction","target":{"@type":"EntryPoint","urlTemplate":"https:\/\/www.azti.es\/enviroscore\/?s={search_term_string}"},"query-input":{"@type":"PropertyValueSpecification","valueRequired":true,"valueName":"search_term_string"}}],"inLanguage":"es"},{"@type":"Organization","@id":"https:\/\/www.azti.es\/enviroscore\/#organization","name":"Enviroscore","url":"https:\/\/www.azti.es\/enviroscore\/","logo":{"@type":"ImageObject","inLanguage":"es","@id":"https:\/\/www.azti.es\/enviroscore\/#\/schema\/logo\/image\/","url":"https:\/\/www.azti.es\/enviroscore\/wp-content\/uploads\/2022\/03\/Logo_enviroscore_web.jpg","contentUrl":"https:\/\/www.azti.es\/enviroscore\/wp-content\/uploads\/2022\/03\/Logo_enviroscore_web.jpg","width":350,"height":246,"caption":"Enviroscore"},"image":{"@id":"https:\/\/www.azti.es\/enviroscore\/#\/schema\/logo\/image\/"}}]}},"_links":{"self":[{"href":"https:\/\/www.azti.es\/enviroscore\/wp-json\/wp\/v2\/pages\/307","targetHints":{"allow":["GET"]}}],"collection":[{"href":"https:\/\/www.azti.es\/enviroscore\/wp-json\/wp\/v2\/pages"}],"about":[{"href":"https:\/\/www.azti.es\/enviroscore\/wp-json\/wp\/v2\/types\/page"}],"author":[{"embeddable":true,"href":"https:\/\/www.azti.es\/enviroscore\/wp-json\/wp\/v2\/users\/2"}],"replies":[{"embeddable":true,"href":"https:\/\/www.azti.es\/enviroscore\/wp-json\/wp\/v2\/comments?post=307"}],"version-history":[{"count":50,"href":"https:\/\/www.azti.es\/enviroscore\/wp-json\/wp\/v2\/pages\/307\/revisions"}],"predecessor-version":[{"id":800,"href":"https:\/\/www.azti.es\/enviroscore\/wp-json\/wp\/v2\/pages\/307\/revisions\/800"}],"wp:attachment":[{"href":"https:\/\/www.azti.es\/enviroscore\/wp-json\/wp\/v2\/media?parent=307"}],"curies":[{"name":"wp","href":"https:\/\/api.w.org\/{rel}","templated":true}]}}